{"id":3669,"date":"2017-02-06T10:39:54","date_gmt":"2017-02-06T10:39:54","guid":{"rendered":"http:\/\/georg-metzgerei.de\/georg17\/?page_id=3669"},"modified":"2017-04-04T13:21:18","modified_gmt":"2017-04-04T13:21:18","slug":"spezialitaeten","status":"publish","type":"page","link":"https:\/\/georg-metzgerei.de\/index.php\/spezialitaeten\/","title":{"rendered":"Spezialit\u00e4ten"},"content":{"rendered":"<div id='full_slider_1'  class='avia-fullwidth-slider main_color avia-shadow   avia-builder-el-0  el_before_av_section  avia-builder-el-first   container_wrap sidebar_right'  ><div  class='avia-slideshow av-av_slideshow_full-4f3ef5c0d0c5e5a45e27d5f99336c2be avia-slideshow-featured av_slideshow_full avia-slide-slider av-slideshow-ui av-control-default av-slideshow-manual av-loop-once av-loop-manual-endless av-default-height-applied   avia-slideshow-1' data-slideshow-options=\"{&quot;animation&quot;:&quot;slide&quot;,&quot;autoplay&quot;:false,&quot;loop_autoplay&quot;:&quot;once&quot;,&quot;interval&quot;:5,&quot;loop_manual&quot;:&quot;manual-endless&quot;,&quot;autoplay_stopper&quot;:false,&quot;noNavigation&quot;:false,&quot;bg_slider&quot;:false,&quot;keep_padding&quot;:false,&quot;hoverpause&quot;:false,&quot;show_slide_delay&quot;:0}\"  itemprop=\"image\" itemscope=\"itemscope\" itemtype=\"https:\/\/schema.org\/ImageObject\" ><ul class='avia-slideshow-inner ' style='padding-bottom: 32.749428789%;'><li  class='avia-slideshow-slide av-av_slideshow_full-4f3ef5c0d0c5e5a45e27d5f99336c2be__0  av-single-slide slide-1 slide-odd'><div data-rel='slideshow-1' class='avia-slide-wrap '   ><img decoding=\"async\" fetchpriority=\"high\" class=\"wp-image-4013 avia-img-lazy-loading-not-4013\"  src=\"https:\/\/georg-metzgerei.de\/wp-content\/uploads\/2013\/04\/slider1-1-1313x430.jpg\" width=\"1313\" height=\"430\" title='slider1' alt=''  itemprop=\"thumbnailUrl\"   \/><\/div><\/li><\/ul><\/div><\/div>\n<div id='av_section_1'  class='avia-section av-av_section-bb9bdb22c7f9e6bf1d52c155825dc7f7 main_color avia-section-default avia-no-shadow  avia-builder-el-1  el_after_av_slideshow_full  avia-builder-el-last  avia-bg-style-scroll container_wrap sidebar_right'  ><div class='container av-section-cont-open' ><div class='template-page content  av-content-small alpha units'><div class='post-entry post-entry-type-page post-entry-3669'><div class='entry-content-wrapper clearfix'>\n<section  class='av_textblock_section av-av_textblock-0366cc7376be6c9e82a3e9cc8987b64f '   itemscope=\"itemscope\" itemtype=\"https:\/\/schema.org\/CreativeWork\" ><div class='avia_textblock'  itemprop=\"text\" ><h2>Spezialit\u00e4ten aus eigener Herstellung<\/h2>\n<h3><\/h3>\n<h3>Pf\u00e4lzer Wurstspezialit\u00e4ten aus Enkirch\/Mosel<\/h3>\n<p>Im Bereich der Mittelmosel und auch dar\u00fcber hinaus sind wir bekannt f\u00fcr unsere typischen Pf\u00e4lzer Wurstspezialit\u00e4ten und viele weitere regionale Spezialit\u00e4ten aus eigener Herstellung. Die Mischung aus Frische, Qualit\u00e4t, meisterlicher Handwerkskunst und selbstverst\u00e4ndlich einzigartigem Geschmack wird auch Sie begeistern. Das Besondere: <strong>mit besonders geringem Fettanteil<\/strong> !<\/p>\n<h2>\u00dcbersicht unserer Spezialit\u00e4ten:<\/h2>\n<div class=\"wc-shortcodes-row wc-shortcodes-item wc-shortcodes-clearfix\">\n<div class=\"wc-shortcodes-column wc-shortcodes-content wc-shortcodes-one-third wc-shortcodes-column-first \">\n<div class=\"wc-shortcodes-accordion wc-shortcodes-item wc-shortcodes-accordion-collapse wc-shortcodes-accordion-layout-box\" data-behavior=\"autoclose\" data-start-state=\"collapse\">\n<div class=\"wc-shortcodes-accordion-trigger \"><a href=\"#\">Beschwipste Winzersalami<\/a><\/div>\n<div class=\"wc-shortcodes-accordion-content-wrapper\">\n<div class=\"wc-shortcodes-accordion-content wc-shortcodes-content\">\n<p><img loading=\"lazy\" decoding=\"async\" class=\"alignnone size-medium wp-image-3721\" src=\"https:\/\/georg-metzgerei.de\/wp-content\/uploads\/2017\/02\/Beschwipste-Winzersalami-300x225.jpg\" alt=\"beschwipste-winzersalami\" width=\"300\" height=\"225\" srcset=\"https:\/\/georg-metzgerei.de\/wp-content\/uploads\/2017\/02\/Beschwipste-Winzersalami-300x225.jpg 300w, https:\/\/georg-metzgerei.de\/wp-content\/uploads\/2017\/02\/Beschwipste-Winzersalami-450x338.jpg 450w, https:\/\/georg-metzgerei.de\/wp-content\/uploads\/2017\/02\/Beschwipste-Winzersalami.jpg 600w\" sizes=\"auto, (max-width: 300px) 100vw, 300px\" \/><\/p>\n<p>mit edlem Cognac und Winzersekt von der Mosel<\/p>\n<\/div>\n<\/div>\n<div class=\"wc-shortcodes-accordion-trigger \"><a href=\"#\">Fleischwurst im Ring<\/a><\/div>\n<div class=\"wc-shortcodes-accordion-content-wrapper\">\n<div class=\"wc-shortcodes-accordion-content wc-shortcodes-content\">\n<p><img loading=\"lazy\" decoding=\"async\" class=\"alignnone size-medium wp-image-3822\" src=\"https:\/\/georg-metzgerei.de\/wp-content\/uploads\/wpsg_produktbilder\/10\/posthumbnail\/fleischwurst-300x225.jpg\" alt=\"fleischwurst\" width=\"300\" height=\"225\" srcset=\"https:\/\/georg-metzgerei.de\/wp-content\/uploads\/wpsg_produktbilder\/10\/posthumbnail\/fleischwurst-300x225.jpg 300w, https:\/\/georg-metzgerei.de\/wp-content\/uploads\/wpsg_produktbilder\/10\/posthumbnail\/fleischwurst-450x338.jpg 450w, https:\/\/georg-metzgerei.de\/wp-content\/uploads\/wpsg_produktbilder\/10\/posthumbnail\/fleischwurst.jpg 600w\" sizes=\"auto, (max-width: 300px) 100vw, 300px\" \/><\/p>\n<p>im Ring ca. 800 g,<br \/>\nmit und ohne Knoblauch<br \/>\nfeinw\u00fcrziger, frischer Geschmack.<\/p>\n<\/div>\n<\/div>\n<div class=\"wc-shortcodes-accordion-trigger \"><a href=\"#\">Poppey Griller<\/a><\/div>\n<div class=\"wc-shortcodes-accordion-content-wrapper\">\n<div class=\"wc-shortcodes-accordion-content wc-shortcodes-content\">\n<p><img loading=\"lazy\" decoding=\"async\" class=\"alignnone size-medium wp-image-3715\" src=\"https:\/\/georg-metzgerei.de\/wp-content\/uploads\/2017\/01\/popeye-griller-300x225.jpg\" alt=\"Popeye-Griller\" width=\"300\" height=\"225\" srcset=\"https:\/\/georg-metzgerei.de\/wp-content\/uploads\/2017\/01\/popeye-griller-300x225.jpg 300w, https:\/\/georg-metzgerei.de\/wp-content\/uploads\/2017\/01\/popeye-griller-450x338.jpg 450w, https:\/\/georg-metzgerei.de\/wp-content\/uploads\/2017\/01\/popeye-griller.jpg 600w\" sizes=\"auto, (max-width: 300px) 100vw, 300px\" \/><\/p>\n<p>delikate Grill- oder Bratw\u00fcrstchen<br \/>\nmit Kochschinken, mildem Gouda und \u2026\u2026Spinat!!!!<\/p>\n<\/div>\n<\/div>\n<div class=\"wc-shortcodes-accordion-trigger \"><a href=\"#\">Pf\u00e4lzer Saumagen<\/a><\/div>\n<div class=\"wc-shortcodes-accordion-content-wrapper\">\n<div class=\"wc-shortcodes-accordion-content wc-shortcodes-content\">\n<p><img loading=\"lazy\" decoding=\"async\" class=\"alignnone size-medium wp-image-3703\" src=\"https:\/\/georg-metzgerei.de\/wp-content\/uploads\/2017\/01\/saumagen-300x225.jpg\" alt=\"Saumagen\" width=\"300\" height=\"225\" srcset=\"https:\/\/georg-metzgerei.de\/wp-content\/uploads\/2017\/01\/saumagen-300x225.jpg 300w, https:\/\/georg-metzgerei.de\/wp-content\/uploads\/2017\/01\/saumagen-450x338.jpg 450w, https:\/\/georg-metzgerei.de\/wp-content\/uploads\/2017\/01\/saumagen.jpg 600w\" sizes=\"auto, (max-width: 300px) 100vw, 300px\" \/><\/p>\n<p>gegartes Br\u00e4t mit Fleischst\u00fccken aus dem Schinken und feinen Kartoffelst\u00fccken, herzhaft abgeschmeckt. Ideal zum Braten in der Pfanne! Als Beilagen empfehlen wir Kartoffelp\u00fcree und Sauerkraut &#8211; ganz traditionell &#8211; oder einfach einen frischen Salat.<br \/>\nDurch den hohen Fleisch- und Kartoffelanteil ist diese Spezialit\u00e4t \u00fcberraschend mager!!<\/p>\n<\/div>\n<\/div>\n<div class=\"wc-shortcodes-accordion-trigger \"><a href=\"#\">Spie\u00dfbraten-Pastete<\/a><\/div>\n<div class=\"wc-shortcodes-accordion-content-wrapper\">\n<div class=\"wc-shortcodes-accordion-content wc-shortcodes-content\">\n<p>eigene Kreation aus feinem Br\u00e4t mit w\u00fcrzigen St\u00fccken vom mageren Spie\u00dfbraten<\/p>\n<\/div>\n<\/div>\n<div class=\"wc-shortcodes-accordion-trigger \"><a href=\"#\">Hirsch-Pat\u00e8<\/a><\/div>\n<div class=\"wc-shortcodes-accordion-content-wrapper\">\n<div class=\"wc-shortcodes-accordion-content wc-shortcodes-content\">\n<p>w\u00fcrzig-rund im Geschmack<\/p>\n<\/div>\n<\/div>\n<\/div>\n<\/div>\n<div class=\"wc-shortcodes-column wc-shortcodes-content wc-shortcodes-one-third wc-shortcodes-column- \">\n<div class=\"wc-shortcodes-accordion wc-shortcodes-item wc-shortcodes-accordion-collapse wc-shortcodes-accordion-layout-box\" data-behavior=\"autoclose\" data-start-state=\"collapse\">\n<div class=\"wc-shortcodes-accordion-trigger \"><a href=\"#\">Winzerringe<\/a><\/div>\n<div class=\"wc-shortcodes-accordion-content-wrapper\">\n<div class=\"wc-shortcodes-accordion-content wc-shortcodes-content\">\n<p><img loading=\"lazy\" decoding=\"async\" class=\"alignnone size-medium wp-image-3701\" src=\"https:\/\/georg-metzgerei.de\/wp-content\/uploads\/2017\/01\/chiliringe-300x225.jpg\" alt=\"Winzer-Chiliringe\" width=\"300\" height=\"225\" srcset=\"https:\/\/georg-metzgerei.de\/wp-content\/uploads\/2017\/01\/chiliringe-300x225.jpg 300w, https:\/\/georg-metzgerei.de\/wp-content\/uploads\/2017\/01\/chiliringe-450x338.jpg 450w, https:\/\/georg-metzgerei.de\/wp-content\/uploads\/2017\/01\/chiliringe.jpg 600w\" sizes=\"auto, (max-width: 300px) 100vw, 300px\" \/><\/p>\n<p>Die Wurst zum Wein!!<br \/>\nDelikate kleine Ringe von der Mettwurst &#8211; schmeckt nat\u00fcrlich auch zum Bier!!<\/p>\n<\/div>\n<\/div>\n<div class=\"wc-shortcodes-accordion-trigger \"><a href=\"#\">Moselknacker<\/a><\/div>\n<div class=\"wc-shortcodes-accordion-content-wrapper\">\n<div class=\"wc-shortcodes-accordion-content wc-shortcodes-content\">\n<p><img loading=\"lazy\" decoding=\"async\" class=\"alignnone size-medium wp-image-3705\" src=\"https:\/\/georg-metzgerei.de\/wp-content\/uploads\/2017\/01\/moselknacker-300x225.jpg\" alt=\"Moselknacker\" width=\"300\" height=\"225\" srcset=\"https:\/\/georg-metzgerei.de\/wp-content\/uploads\/2017\/01\/moselknacker-300x225.jpg 300w, https:\/\/georg-metzgerei.de\/wp-content\/uploads\/2017\/01\/moselknacker-450x338.jpg 450w, https:\/\/georg-metzgerei.de\/wp-content\/uploads\/2017\/01\/moselknacker.jpg 600w\" sizes=\"auto, (max-width: 300px) 100vw, 300px\" \/><\/p>\n<p>unsere Stars!!<br \/>\nschlanke Mettw\u00fcrstchen zum roh essen<br \/>\nideal f\u00fcr unterwegs<\/p>\n<\/div>\n<\/div>\n<div class=\"wc-shortcodes-accordion-trigger \"><a href=\"#\">Hausm. Blutwurst<\/a><\/div>\n<div class=\"wc-shortcodes-accordion-content-wrapper\">\n<div class=\"wc-shortcodes-accordion-content wc-shortcodes-content\">\n<p><img loading=\"lazy\" decoding=\"async\" class=\"alignnone size-medium wp-image-3832\" src=\"https:\/\/georg-metzgerei.de\/wp-content\/uploads\/wpsg_produktbilder\/18\/posthumbnail\/blutwurst-300x225.jpg\" alt=\"blutwurst\" width=\"300\" height=\"225\" srcset=\"https:\/\/georg-metzgerei.de\/wp-content\/uploads\/wpsg_produktbilder\/18\/posthumbnail\/blutwurst-300x225.jpg 300w, https:\/\/georg-metzgerei.de\/wp-content\/uploads\/wpsg_produktbilder\/18\/posthumbnail\/blutwurst-450x338.jpg 450w, https:\/\/georg-metzgerei.de\/wp-content\/uploads\/wpsg_produktbilder\/18\/posthumbnail\/blutwurst.jpg 600w\" sizes=\"auto, (max-width: 300px) 100vw, 300px\" \/><\/p>\n<p>eine nach hauseigenen alten Rezepten hergestelle herzhafte Wurst, die zum sofortigen Verzehr geeignet ist, aber auch zum Braten.<br \/>\nMit R\u00f6stkartoffeln und einem frischen Salat ein Gedicht.<\/p>\n<\/div>\n<\/div>\n<div class=\"wc-shortcodes-accordion-trigger \"><a href=\"#\">Hausm. Leberwurst<\/a><\/div>\n<div class=\"wc-shortcodes-accordion-content-wrapper\">\n<div class=\"wc-shortcodes-accordion-content wc-shortcodes-content\">\n<p><img loading=\"lazy\" decoding=\"async\" class=\"alignnone size-medium wp-image-3713\" src=\"https:\/\/georg-metzgerei.de\/wp-content\/uploads\/2017\/01\/leberwurst-300x225.jpg\" alt=\"Leberwurst\" width=\"300\" height=\"225\" srcset=\"https:\/\/georg-metzgerei.de\/wp-content\/uploads\/2017\/01\/leberwurst-300x225.jpg 300w, https:\/\/georg-metzgerei.de\/wp-content\/uploads\/2017\/01\/leberwurst-450x338.jpg 450w, https:\/\/georg-metzgerei.de\/wp-content\/uploads\/2017\/01\/leberwurst.jpg 600w\" sizes=\"auto, (max-width: 300px) 100vw, 300px\" \/><\/p>\n<p>eine nach hauseigenen alten Rezepten hergestelle herzhafte Wurst, die zum sofortigen Verzehr geeignet ist, aber auch zum Braten.<br \/>\nMit R\u00f6stkartoffeln und einem frischen Salat ein Gedicht.<\/p>\n<\/div>\n<\/div>\n<div class=\"wc-shortcodes-accordion-trigger \"><a href=\"#\">saftiger Kaminschinken<\/a><\/div>\n<div class=\"wc-shortcodes-accordion-content-wrapper\">\n<div class=\"wc-shortcodes-accordion-content wc-shortcodes-content\">\n<p><img loading=\"lazy\" decoding=\"async\" class=\"alignnone size-medium wp-image-3708\" src=\"https:\/\/georg-metzgerei.de\/wp-content\/uploads\/2017\/01\/kaminschinken-300x225.jpg\" alt=\"Kaminschinken\" width=\"300\" height=\"225\" srcset=\"https:\/\/georg-metzgerei.de\/wp-content\/uploads\/2017\/01\/kaminschinken-300x225.jpg 300w, https:\/\/georg-metzgerei.de\/wp-content\/uploads\/2017\/01\/kaminschinken-450x338.jpg 450w, https:\/\/georg-metzgerei.de\/wp-content\/uploads\/2017\/01\/kaminschinken.jpg 600w\" sizes=\"auto, (max-width: 300px) 100vw, 300px\" \/><\/p>\n<p>ganz magerer gekochter und ger\u00e4ucherter Schinken, mild-w\u00fcrzig im Geschmack und wunderbar saftig. Hervorragend zu Spargel oder Salaten.<\/p>\n<\/div>\n<\/div>\n<div class=\"wc-shortcodes-accordion-trigger \"><a href=\"#\">die grobe Schmierwurst<\/a><\/div>\n<div class=\"wc-shortcodes-accordion-content-wrapper\">\n<div class=\"wc-shortcodes-accordion-content wc-shortcodes-content\">\n<p><img loading=\"lazy\" decoding=\"async\" class=\"alignnone size-medium wp-image-3709\" src=\"https:\/\/georg-metzgerei.de\/wp-content\/uploads\/2017\/01\/streichmettwurst-300x225.jpg\" alt=\"Streichmettwurst\" width=\"300\" height=\"225\" srcset=\"https:\/\/georg-metzgerei.de\/wp-content\/uploads\/2017\/01\/streichmettwurst-300x225.jpg 300w, https:\/\/georg-metzgerei.de\/wp-content\/uploads\/2017\/01\/streichmettwurst-450x338.jpg 450w, https:\/\/georg-metzgerei.de\/wp-content\/uploads\/2017\/01\/streichmettwurst.jpg 600w\" sizes=\"auto, (max-width: 300px) 100vw, 300px\" \/><\/p>\n<p>Mit nur 18% Fettanteil f\u00e4llt sie unter die mageren Streichwurstsorten. Erlaubt w\u00e4ren uns 50% Fettanteil.<\/p>\n<\/div>\n<\/div>\n<\/div>\n<\/div>\n<div class=\"wc-shortcodes-column wc-shortcodes-content wc-shortcodes-one-third wc-shortcodes-column-last \">\n<div class=\"wc-shortcodes-accordion wc-shortcodes-item wc-shortcodes-accordion-collapse wc-shortcodes-accordion-layout-box\" data-behavior=\"autoclose\" data-start-state=\"collapse\">\n<div class=\"wc-shortcodes-accordion-trigger \"><a href=\"#\">S\u00fcdtiroler Schinken<\/a><\/div>\n<div class=\"wc-shortcodes-accordion-content-wrapper\">\n<div class=\"wc-shortcodes-accordion-content wc-shortcodes-content\">\n<p>luftgetrocknet<\/p>\n<\/div>\n<\/div>\n<div class=\"wc-shortcodes-accordion-trigger \"><a href=\"#\">R\u00f6stbratwurst<\/a><\/div>\n<div class=\"wc-shortcodes-accordion-content-wrapper\">\n<div class=\"wc-shortcodes-accordion-content wc-shortcodes-content\">\n<p>nach unserem traditionellem Rezept hergestellte Blutwurst. Wir haben sie ger\u00e4uchert und schonend trocknen lassen. F\u00fcr die Liebhaber der festeren und deftigeren Blutwurst<\/p>\n<\/div>\n<\/div>\n<div class=\"wc-shortcodes-accordion-trigger \"><a href=\"#\">Bratw\u00fcrstchen, gebr\u00fcht<\/a><\/div>\n<div class=\"wc-shortcodes-accordion-content-wrapper\">\n<div class=\"wc-shortcodes-accordion-content wc-shortcodes-content\">\n<\/div>\n<\/div>\n<div class=\"wc-shortcodes-accordion-trigger \"><a href=\"#\">Salami Italia<\/a><\/div>\n<div class=\"wc-shortcodes-accordion-content-wrapper\">\n<div class=\"wc-shortcodes-accordion-content wc-shortcodes-content\">\n<p>mit Knoblauch-Zwiebel-Rotweinaroma<\/p>\n<\/div>\n<\/div>\n<div class=\"wc-shortcodes-accordion-trigger \"><a href=\"#\">Bauernschinken<\/a><\/div>\n<div class=\"wc-shortcodes-accordion-content-wrapper\">\n<div class=\"wc-shortcodes-accordion-content wc-shortcodes-content\">\n<p><img loading=\"lazy\" decoding=\"async\" class=\"alignleft size-medium wp-image-3964\" src=\"https:\/\/georg-metzgerei.de\/wp-content\/uploads\/2017\/01\/schinken-2-300x225.jpg\" alt=\"schinken\" width=\"300\" height=\"225\" srcset=\"https:\/\/georg-metzgerei.de\/wp-content\/uploads\/2017\/01\/schinken-2-300x225.jpg 300w, https:\/\/georg-metzgerei.de\/wp-content\/uploads\/2017\/01\/schinken-2-450x338.jpg 450w, https:\/\/georg-metzgerei.de\/wp-content\/uploads\/2017\/01\/schinken-2.jpg 600w\" sizes=\"auto, (max-width: 300px) 100vw, 300px\" \/><\/p>\n<p>von verschiedenen Gremien mehrfach ausgezeichnet. Ein Schinken nicht zu mild, aber auch nicht zu w\u00fcrzig<\/p>\n<\/div>\n<\/div>\n<div class=\"wc-shortcodes-accordion-trigger \"><a href=\"#\">Luftgetrocknete Blutwurst<\/a><\/div>\n<div class=\"wc-shortcodes-accordion-content-wrapper\">\n<div class=\"wc-shortcodes-accordion-content wc-shortcodes-content\">\n<p><img loading=\"lazy\" decoding=\"async\" class=\"alignnone size-medium wp-image-3711\" src=\"https:\/\/georg-metzgerei.de\/wp-content\/uploads\/2017\/01\/Heinzelm-300x225.jpg\" alt=\"Blutwurst im Ring\" width=\"300\" height=\"225\" srcset=\"https:\/\/georg-metzgerei.de\/wp-content\/uploads\/2017\/01\/Heinzelm-300x225.jpg 300w, https:\/\/georg-metzgerei.de\/wp-content\/uploads\/2017\/01\/Heinzelm-450x338.jpg 450w, https:\/\/georg-metzgerei.de\/wp-content\/uploads\/2017\/01\/Heinzelm.jpg 600w\" sizes=\"auto, (max-width: 300px) 100vw, 300px\" \/><\/p>\n<p>unser &#8222;Oldie&#8220;<br \/>\nnach traditionellem Rezept hergestellt Blutwurst, die es auch frisch oder gr\u00e4uchert gibt, &#8211; und die eines Blutwurstritters w\u00fcrdig ist.<br \/>\n&#8212; Heinzelm\u00e4nnchen &#8211; die Mini-Ausgabe der Gro\u00dfen frischen oder ger\u00e4ucherten.<\/p>\n<\/div>\n<\/div>\n<\/div>\n<\/div>\n<\/div>\n<p>Gerne \u00fcberraschen wir Sie mit unseren mehr als 135 Wurstsorten und Salaten, von denen Sie sicherlich begeistert sind.Alle in handwerklicher Qualit\u00e4t meisterhaft hergestellt.<\/p>\n<p><img loading=\"lazy\" decoding=\"async\" class=\"size-medium wp-image-3725 alignleft\" src=\"https:\/\/georg-metzgerei.de\/wp-content\/uploads\/2017\/02\/Konserven-300x225.jpg\" alt=\"konserven\" width=\"300\" height=\"225\" srcset=\"https:\/\/georg-metzgerei.de\/wp-content\/uploads\/2017\/02\/Konserven-300x225.jpg 300w, https:\/\/georg-metzgerei.de\/wp-content\/uploads\/2017\/02\/Konserven-450x338.jpg 450w, https:\/\/georg-metzgerei.de\/wp-content\/uploads\/2017\/02\/Konserven.jpg 600w\" sizes=\"auto, (max-width: 300px) 100vw, 300px\" \/><\/p>\n<p>Viele der Spezialit\u00e4ten k\u00f6nnen Sie auch in unserem <a href=\"https:\/\/georg-metzgerei.de\/index.php\/shop\/\">online-Shop<\/a> bestellen. Stets frisch und beste Qualit\u00e4t &gt;&gt;<\/p>\n<p>Oder schauen Sie doch einfach mal bei uns vorbei und probieren Sie!<\/p>\n<\/div><\/section>\n<\/div><\/div><\/div><!-- close content main div --><\/div><\/div><div id='after_section_1'  class='main_color av_default_container_wrap container_wrap sidebar_right'  ><div class='container av-section-cont-open' ><div class='template-page content  av-content-small alpha units'><div class='post-entry post-entry-type-page post-entry-3669'><div class='entry-content-wrapper clearfix'>\n","protected":false},"excerpt":{"rendered":"<p>Metzgerei Georg in Enkirch-Mosel<br \/>\nUnsere Wurstwaren sind ausgezeichnet! Die Jury hat mehrfach entschieden: Europameister 2012, 2013, 2016. Gold- und Silbermedaillen f\u00fcr herausragende Qualit\u00e4ten von DLG, FEINSCHMECKER, Deutscher Fleischer-Verband, Confr\u00e9rie des Chevaliers, und viele mehr\u2026! Urteilen Sie selbst \u00fcber den Geschmack\u2026<\/p>\n","protected":false},"author":1,"featured_media":0,"parent":0,"menu_order":0,"comment_status":"closed","ping_status":"closed","template":"","meta":{"footnotes":""},"class_list":["post-3669","page","type-page","status-publish","hentry"],"_links":{"self":[{"href":"https:\/\/georg-metzgerei.de\/index.php\/wp-json\/wp\/v2\/pages\/3669","targetHints":{"allow":["GET"]}}],"collection":[{"href":"https:\/\/georg-metzgerei.de\/index.php\/wp-json\/wp\/v2\/pages"}],"about":[{"href":"https:\/\/georg-metzgerei.de\/index.php\/wp-json\/wp\/v2\/types\/page"}],"author":[{"embeddable":true,"href":"https:\/\/georg-metzgerei.de\/index.php\/wp-json\/wp\/v2\/users\/1"}],"replies":[{"embeddable":true,"href":"https:\/\/georg-metzgerei.de\/index.php\/wp-json\/wp\/v2\/comments?post=3669"}],"version-history":[{"count":42,"href":"https:\/\/georg-metzgerei.de\/index.php\/wp-json\/wp\/v2\/pages\/3669\/revisions"}],"predecessor-version":[{"id":4048,"href":"https:\/\/georg-metzgerei.de\/index.php\/wp-json\/wp\/v2\/pages\/3669\/revisions\/4048"}],"wp:attachment":[{"href":"https:\/\/georg-metzgerei.de\/index.php\/wp-json\/wp\/v2\/media?parent=3669"}],"curies":[{"name":"wp","href":"https:\/\/api.w.org\/{rel}","templated":true}]}}